{"id":1073,"date":"2026-02-24T13:43:29","date_gmt":"2026-02-24T12:43:29","guid":{"rendered":"https:\/\/www.collectivememoryis.com\/?page_id=1073"},"modified":"2026-03-20T12:22:46","modified_gmt":"2026-03-20T11:22:46","slug":"collective-memory-is-everything-i-dont-remember-cz","status":"publish","type":"page","link":"https:\/\/www.collectivememoryis.com\/index.php\/en\/exhibitions\/collective-memory-is-everything-i-dont-remember-cz\/","title":{"rendered":"v\u00fdstava &#8211; Vzpom\u00ednky, kter\u00e9 nejsou na\u0161e EN"},"content":{"rendered":"\t\t<div data-elementor-type=\"wp-page\" data-elementor-id=\"1073\" class=\"elementor elementor-1073\" data-elementor-post-type=\"page\">\n\t\t\t\t<div class=\"elementor-element elementor-element-618cd88 e-flex e-con-boxed e-con e-parent\" data-id=\"618cd88\" data-element_type=\"container\" data-e-type=\"container\">\n\t\t\t\t\t<div class=\"e-con-inner\">\n\t\t\t\t<div class=\"elementor-element elementor-element-0d1cd09 elementor-widget elementor-widget-spacer\" data-id=\"0d1cd09\" data-element_type=\"widget\" data-e-type=\"widget\" data-widget_type=\"spacer.default\">\n\t\t\t\t<div class=\"elementor-widget-container\">\n\t\t\t\t\t\t\t<div class=\"elementor-spacer\">\n\t\t\t<div class=\"elementor-spacer-inner\"><\/div>\n\t\t<\/div>\n\t\t\t\t\t\t<\/div>\n\t\t\t\t<\/div>\n\t\t<div class=\"elementor-element elementor-element-4459140 e-grid e-con-full e-con e-child\" data-id=\"4459140\" data-element_type=\"container\" data-e-type=\"container\">\n\t\t\t\t<div class=\"elementor-element elementor-element-9736307 elementor-widget elementor-widget-heading\" data-id=\"9736307\" data-element_type=\"widget\" data-e-type=\"widget\" data-widget_type=\"heading.default\">\n\t\t\t\t<div class=\"elementor-widget-container\">\n\t\t\t\t\t<h2 class=\"elementor-heading-title elementor-size-default\">collective memory is everything I don't remember: Memories that are not our own<\/h2>\t\t\t\t<\/div>\n\t\t\t\t<\/div>\n\t\t\t\t<\/div>\n\t\t<div class=\"elementor-element elementor-element-eaa11a3 e-grid e-con-full elementor-hidden-tablet elementor-hidden-mobile e-con e-child\" data-id=\"eaa11a3\" data-element_type=\"container\" data-e-type=\"container\">\n\t\t\t\t<div class=\"elementor-element elementor-element-d87684f elementor-widget__width-initial elementor-widget elementor-widget-text-editor\" data-id=\"d87684f\" data-element_type=\"widget\" data-e-type=\"widget\" data-widget_type=\"text-editor.default\">\n\t\t\t\t<div class=\"elementor-widget-container\">\n\t\t\t\t\t\t\t\t\t<p><span style=\"font-weight: 400;\">The exhibition project presents the works of seven Latvian women artists of the millennial generation, whose work, visual language and communication strategies are influenced by or directly stem from the phenomenon of collective memory. At the same time, the project also deals with the situation when collective and individual memory intertwine, influence and co-constitute each other.<\/span><\/p><p><span style=\"font-weight: 400;\">The generation of these artists is very specific in relation to the location and time in which they live and create. These are authors who were born directly in the Soviet Union, which, however, ceased to exist when they were in preschool. During their late teens, Latvia joined the European Union, which brought with it many new things and started an era of innovation. The artists therefore experienced completely determining transformations in the first third of their lives, which they experienced not only through societal changes, but also through changes within their closest friends and family. At the same time, these are artists who, through their family members or close people and their collective memory, are closest to the realities of the 20th century, which in the Latvian context is very complicated \u2013 full of clashes of ideologies, damaged memories and narratives of tangled identities.<\/span><\/p><p><span style=\"font-weight: 400;\">An important aspect of the millennial generation is also the transition from the analog era to the digital and online era. As well as the shift to the period of globalization of topics, when situations that move the world are shared and resolved in real time, without too much distance or perspective that would help anchor or, for example, legitimize them. Ultimately, this is a generation of artists that is full of references and inspiration regarding the motifs of memory \u2013 collective and personal memory, identity or time and their relevance. In this project, Latvian authors are considered as bearers of the mentioned themes, but identical tendencies and approaches can be found across the entire Eastern European environment.<\/span><\/p>\t\t\t\t\t\t\t\t<\/div>\n\t\t\t\t<\/div>\n\t\t\t\t<div class=\"elementor-element elementor-element-b83a05f elementor-widget elementor-widget-image\" data-id=\"b83a05f\" data-element_type=\"widget\" data-e-type=\"widget\" data-widget_type=\"image.default\">\n\t\t\t\t<div class=\"elementor-widget-container\">\n\t\t\t\t\t\t\t\t\t\t\t\t\t\t\t<img fetchpriority=\"high\" decoding=\"async\" width=\"800\" height=\"1000\" src=\"https:\/\/www.collectivememoryis.com\/wp-content\/uploads\/2026\/02\/web_en-819x1024.jpg\" class=\"attachment-large size-large wp-image-1039\" alt=\"\" srcset=\"https:\/\/www.collectivememoryis.com\/wp-content\/uploads\/2026\/02\/web_en-819x1024.jpg 819w, https:\/\/www.collectivememoryis.com\/wp-content\/uploads\/2026\/02\/web_en-240x300.jpg 240w, https:\/\/www.collectivememoryis.com\/wp-content\/uploads\/2026\/02\/web_en-768x960.jpg 768w, https:\/\/www.collectivememoryis.com\/wp-content\/uploads\/2026\/02\/web_en-1229x1536.jpg 1229w, https:\/\/www.collectivememoryis.com\/wp-content\/uploads\/2026\/02\/web_en-1638x2048.jpg 1638w, https:\/\/www.collectivememoryis.com\/wp-content\/uploads\/2026\/02\/web_en-scaled.jpg 2048w\" sizes=\"(max-width: 800px) 100vw, 800px\" \/>\t\t\t\t\t\t\t\t\t\t\t\t\t\t\t<\/div>\n\t\t\t\t<\/div>\n\t\t\t\t<\/div>\n\t\t<div class=\"elementor-element elementor-element-29a7ef3 e-grid e-con-full elementor-hidden-desktop e-con e-child\" data-id=\"29a7ef3\" data-element_type=\"container\" data-e-type=\"container\">\n\t\t\t\t<div class=\"elementor-element elementor-element-97bad09 elementor-widget elementor-widget-image\" data-id=\"97bad09\" data-element_type=\"widget\" data-e-type=\"widget\" data-widget_type=\"image.default\">\n\t\t\t\t<div class=\"elementor-widget-container\">\n\t\t\t\t\t\t\t\t\t\t\t\t\t\t\t<img fetchpriority=\"high\" decoding=\"async\" width=\"800\" height=\"1000\" src=\"https:\/\/www.collectivememoryis.com\/wp-content\/uploads\/2026\/02\/web_en-819x1024.jpg\" class=\"attachment-large size-large wp-image-1039\" alt=\"\" srcset=\"https:\/\/www.collectivememoryis.com\/wp-content\/uploads\/2026\/02\/web_en-819x1024.jpg 819w, https:\/\/www.collectivememoryis.com\/wp-content\/uploads\/2026\/02\/web_en-240x300.jpg 240w, https:\/\/www.collectivememoryis.com\/wp-content\/uploads\/2026\/02\/web_en-768x960.jpg 768w, https:\/\/www.collectivememoryis.com\/wp-content\/uploads\/2026\/02\/web_en-1229x1536.jpg 1229w, https:\/\/www.collectivememoryis.com\/wp-content\/uploads\/2026\/02\/web_en-1638x2048.jpg 1638w, https:\/\/www.collectivememoryis.com\/wp-content\/uploads\/2026\/02\/web_en-scaled.jpg 2048w\" sizes=\"(max-width: 800px) 100vw, 800px\" \/>\t\t\t\t\t\t\t\t\t\t\t\t\t\t\t<\/div>\n\t\t\t\t<\/div>\n\t\t\t\t<div class=\"elementor-element elementor-element-598665e elementor-widget__width-initial elementor-widget elementor-widget-text-editor\" data-id=\"598665e\" data-element_type=\"widget\" data-e-type=\"widget\" data-widget_type=\"text-editor.default\">\n\t\t\t\t<div class=\"elementor-widget-container\">\n\t\t\t\t\t\t\t\t\t<p><span style=\"font-weight: 400;\">The exhibition project presents the works of seven Latvian women artists of the millennial generation, whose work, visual language and communication strategies are influenced by or directly stem from the phenomenon of collective memory. At the same time, the project also deals with the situation when collective and individual memory intertwine, influence and co-constitute each other.<\/span><\/p><p><span style=\"font-weight: 400;\">The generation of these artists is very specific in relation to the location and time in which they live and create. These are authors who were born directly in the Soviet Union, which, however, ceased to exist when they were in preschool. During their late teens, Latvia joined the European Union, which brought with it many new things and started an era of innovation. The artists therefore experienced completely determining transformations in the first third of their lives, which they experienced not only through societal changes, but also through changes within their closest friends and family. At the same time, these are artists who, through their family members or close people and their collective memory, are closest to the realities of the 20th century, which in the Latvian context is very complicated \u2013 full of clashes of ideologies, damaged memories and narratives of tangled identities.<\/span><\/p><p><span style=\"font-weight: 400;\">An important aspect of the millennial generation is also the transition from the analog era to the digital and online era. As well as the shift to the period of globalization of topics, when situations that move the world are shared and resolved in real time, without too much distance or perspective that would help anchor or, for example, legitimize them. Ultimately, this is a generation of artists that is full of references and inspiration regarding the motifs of memory \u2013 collective and personal memory, identity or time and their relevance. In this project, Latvian authors are considered as bearers of the mentioned themes, but identical tendencies and approaches can be found across the entire Eastern European environment.<\/span><\/p>\t\t\t\t\t\t\t\t<\/div>\n\t\t\t\t<\/div>\n\t\t\t\t<\/div>\n\t\t<div class=\"elementor-element elementor-element-1e21391 e-grid e-con-full e-con e-child\" data-id=\"1e21391\" data-element_type=\"container\" data-e-type=\"container\">\n\t\t\t\t<div class=\"elementor-element elementor-element-7fd495a elementor-widget__width-initial elementor-widget elementor-widget-text-editor\" data-id=\"7fd495a\" data-element_type=\"widget\" data-e-type=\"widget\" data-widget_type=\"text-editor.default\">\n\t\t\t\t<div class=\"elementor-widget-container\">\n\t\t\t\t\t\t\t\t\t<p><span style=\"font-weight: 400;\">The authors represented in the exhibition are <span style=\"color: #695634;\"><span style=\"text-decoration: underline;\"><a style=\"color: #695634; text-decoration: underline;\" href=\"https:\/\/www.collectivememoryis.com\/index.php\/en\/ieva-balode\/\">Ieva Balode<\/a><\/span>, <span style=\"text-decoration: underline;\"><a style=\"color: #695634; text-decoration: underline;\" href=\"https:\/\/www.collectivememoryis.com\/index.php\/en\/vika-eksta\/\">Vika Eksta<\/a><\/span>, <span style=\"text-decoration: underline;\"><a style=\"color: #695634; text-decoration: underline;\" href=\"https:\/\/www.collectivememoryis.com\/index.php\/en\/ieva-kraule-kuna\/\">Ieva Kraule-K\u016bna<\/a><\/span>, <span style=\"text-decoration: underline;\"><a style=\"color: #695634; text-decoration: underline;\" href=\"https:\/\/www.collectivememoryis.com\/index.php\/en\/liene-pavlovska\/\">Liene Pavlovska<\/a><\/span>, <span style=\"text-decoration: underline;\"><a style=\"color: #695634; text-decoration: underline;\" href=\"https:\/\/www.collectivememoryis.com\/index.php\/en\/diana-tamane\/\">Diana Tamane<\/a><\/span><b>, <\/b><span style=\"text-decoration: underline;\"><a style=\"color: #695634; text-decoration: underline;\" href=\"https:\/\/www.collectivememoryis.com\/index.php\/en\/krista-vindberga\/\">Krista Vindberga (Dzudzilo)<\/a><\/span><b>, <\/b>and <span style=\"text-decoration: underline;\"><a style=\"color: #695634; text-decoration: underline;\" href=\"https:\/\/www.collectivememoryis.com\/index.php\/en\/elina-vitola\/\">El\u012bna V\u012btola<\/a><\/span><\/span><\/span><span style=\"color: #695634;\">,<\/span><span style=\"font-weight: 400;\"> who work with a variety of media and techniques, such as objects, drawing, photography, analogue film or site-specific installations. The themes presented in the exhibition will be both family motifs or intimate stories, as well as themes arising from the socio-economic sphere or work with artifacts in public space or myths woven into the landscape.<\/span><\/p><p>\u00a0<\/p><p><b><span style=\"text-decoration: underline; color: #695634;\"><a style=\"color: #695634; text-decoration: underline;\" href=\"https:\/\/drive.google.com\/file\/d\/1zG2qWIGrAVWbc4sg6hLsSZ2tjSwGP4GR\/view?usp=sharing\">EXHIBITION BROCHURE<\/a><\/span> (English)<\/b><\/p><p><b><span style=\"text-decoration: underline;\"><a href=\"https:\/\/drive.google.com\/file\/d\/1tmnGerJRESeT5qBnuAgRDespHEXmGJNJ\/view?usp=sharing\"><span style=\"color: #695634; text-decoration: underline;\">EXHIBITION BROCHURE<\/span><\/a><\/span> (Czech)<\/b><\/p>\t\t\t\t\t\t\t\t<\/div>\n\t\t\t\t<\/div>\n\t\t\t\t<div class=\"elementor-element elementor-element-a9981e5 elementor-widget__width-initial elementor-widget elementor-widget-text-editor\" data-id=\"a9981e5\" data-element_type=\"widget\" data-e-type=\"widget\" data-widget_type=\"text-editor.default\">\n\t\t\t\t<div class=\"elementor-widget-container\">\n\t\t\t\t\t\t\t\t\t<p><strong style=\"letter-spacing: 0px; font-size: 1rem;\">6. 3. \u2013 5. 4. 2026 at H40 space in Prague<\/strong><\/p><p>Hala 40 \u2013 space of Chemistry Gallery<br \/>Bubensk\u00e9 n\u00e1b\u0159e\u017e\u00ed 306\/13, Prague 7<\/p><p>opening hours: Wed, Thur, Fri, Sun 15\u201319, Sat 11\u201319<br \/><span style=\"font-weight: 400;\">admission is voluntary<\/span><\/p><p>\u00a0<\/p><p>Diana Kn\u011b\u017e\u00ednkov\u00e1<br \/><span style=\"text-decoration: underline;\">curator<\/span><\/p><p>Anna Varteck\u00e1<br \/><span style=\"text-decoration: underline;\">consultation<\/span><\/p><p>Nikola Ilju\u010dokov\u00e1, Barbora Tomov\u00e1<br \/><span style=\"text-decoration: underline;\">graphic design<\/span><\/p><p>Elis Kondel\u00edkov\u00e1<br \/><span style=\"text-decoration: underline;\">photography<\/span><\/p><p>\u0160imon Kotmel<br \/><span style=\"text-decoration: underline;\">transport<\/span><\/p><p>Ond\u0159ej S\u00fdkora<br \/><span style=\"text-decoration: underline;\">proofreading<\/span><\/p><p>Michaela Ritter Kon\u00e1rkov\u00e1<br \/><span style=\"text-decoration: underline;\">translation<\/span><\/p>\t\t\t\t\t\t\t\t<\/div>\n\t\t\t\t<\/div>\n\t\t\t\t<\/div>\n\t\t<div class=\"elementor-element elementor-element-28fa5a0 e-grid e-con-full e-con e-child\" data-id=\"28fa5a0\" data-element_type=\"container\" data-e-type=\"container\" data-settings=\"{&quot;background_background&quot;:&quot;classic&quot;}\">\n\t\t\t\t<div class=\"elementor-element elementor-element-1603627 elementor-widget elementor-widget-heading\" data-id=\"1603627\" data-element_type=\"widget\" data-e-type=\"widget\" data-widget_type=\"heading.default\">\n\t\t\t\t<div class=\"elementor-widget-container\">\n\t\t\t\t\t<h2 class=\"elementor-heading-title elementor-size-default\">public program of the exhibition \u2013 Collective memory is everything I don't remember: Memories that are not our own<\/h2>\t\t\t\t<\/div>\n\t\t\t\t<\/div>\n\t\t\t\t<\/div>\n\t\t\t\t\t<\/div>\n\t\t\t\t<\/div>\n\t\t<div class=\"elementor-element elementor-element-56a652e e-flex e-con-boxed e-con e-parent\" data-id=\"56a652e\" data-element_type=\"container\" data-e-type=\"container\">\n\t\t\t\t\t<div class=\"e-con-inner\">\n\t\t<div class=\"elementor-element elementor-element-4c07cf6 e-con-full e-grid e-con e-child\" data-id=\"4c07cf6\" data-element_type=\"container\" data-e-type=\"container\">\n\t\t\t\t<div class=\"elementor-element elementor-element-ee4af70 elementor-widget elementor-widget-text-editor\" data-id=\"ee4af70\" data-element_type=\"widget\" data-e-type=\"widget\" data-widget_type=\"text-editor.default\">\n\t\t\t\t<div class=\"elementor-widget-container\">\n\t\t\t\t\t\t\t\t\t<p><strong>Short film evening<br \/><\/strong>films of Ieva Balode, Vika Eksta, Di\u0101na Tamane, Krista Vindberga<br \/><span style=\"text-decoration: underline;\">6. 3. 2026 18:00 at Ane\u017eka (Ane\u017esk\u00e1 12, Prague 1)<\/span><\/p><p><strong><br \/>Artist talk with Krista Vindberga<br \/><\/strong><span style=\"text-decoration: underline;\">7. 3. 2026 16:00<\/span><\/p><p><strong>So they said.<\/strong><br \/>performance of Darja Lukjanenko and Anna Solianyk<br \/><span style=\"text-decoration: underline;\">11. 3. 2026 18:00<br \/><\/span><\/p><p><strong><br \/>Discussion with Czech and Slovak Vietnamese creators.<br \/><\/strong><u>20. 3. 2026 18:00<\/u><\/p>\t\t\t\t\t\t\t\t<\/div>\n\t\t\t\t<\/div>\n\t\t\t\t<div class=\"elementor-element elementor-element-d26fec5 elementor-widget elementor-widget-text-editor\" data-id=\"d26fec5\" data-element_type=\"widget\" data-e-type=\"widget\" data-widget_type=\"text-editor.default\">\n\t\t\t\t<div class=\"elementor-widget-container\">\n\t\t\t\t\t\t\t\t\t<p><strong><span style=\"color: #695634;\"><a style=\"color: #695634;\" href=\"https:\/\/www.collectivememoryis.com\/index.php\/en\/prednaska\/\">Latvia &#8211; a country that sings, dances and paints<\/a><\/span><br \/><\/strong>(Not only) travel lecture<br \/><span style=\"text-decoration: underline;\">24. 3. 2026 18:00<\/span><\/p><p><span style=\"font-size: 1rem;\"><br \/><a style=\"font-weight: bold; color: #695634; text-decoration: underline;\" href=\"https:\/\/www.collectivememoryis.com\/index.php\/en\/movement-workshop\/\">Collective Memories in Exhibition<\/a><b><br \/><\/b><\/span><span style=\"font-size: 1rem;\">movement-based workshop led by <\/span><span style=\"font-size: 1rem;\">Orkun T\u00fcrkmen &amp; Barbora T\u00fcrkmen<br \/><\/span><u>25. 3. 2026 18:00<\/u><\/p><p><strong><br \/>Guided tours<\/strong><br \/><span style=\"font-size: 1rem;\">with the exhibition curator<br \/><\/span><span style=\"text-decoration-line: underline;\">18. 3. 2026 18:00<br \/><\/span><span style=\"text-decoration-line: underline;\">1. 4. 2026 18:00<\/span><\/p>\t\t\t\t\t\t\t\t<\/div>\n\t\t\t\t<\/div>\n\t\t\t\t<\/div>\n\t\t\t\t\t<\/div>\n\t\t\t\t<\/div>\n\t\t\t\t<\/div>\n\t\t","protected":false},"excerpt":{"rendered":"<p>collective memory is everything I don&#8217;t remember: Memories that are not our own The exhibition project presents the works of seven Latvian women artists of the millennial generation, whose work, visual language and communication strategies are influenced by or directly stem from the phenomenon of collective memory. At the same time, the project also deals [&hellip;]<\/p>\n","protected":false},"author":1,"featured_media":337,"parent":695,"menu_order":0,"comment_status":"closed","ping_status":"closed","template":"","meta":{"footnotes":""},"class_list":["post-1073","page","type-page","status-publish","has-post-thumbnail","hentry"],"_links":{"self":[{"href":"https:\/\/www.collectivememoryis.com\/index.php\/wp-json\/wp\/v2\/pages\/1073","targetHints":{"allow":["GET"]}}],"collection":[{"href":"https:\/\/www.collectivememoryis.com\/index.php\/wp-json\/wp\/v2\/pages"}],"about":[{"href":"https:\/\/www.collectivememoryis.com\/index.php\/wp-json\/wp\/v2\/types\/page"}],"author":[{"embeddable":true,"href":"https:\/\/www.collectivememoryis.com\/index.php\/wp-json\/wp\/v2\/users\/1"}],"replies":[{"embeddable":true,"href":"https:\/\/www.collectivememoryis.com\/index.php\/wp-json\/wp\/v2\/comments?post=1073"}],"version-history":[{"count":18,"href":"https:\/\/www.collectivememoryis.com\/index.php\/wp-json\/wp\/v2\/pages\/1073\/revisions"}],"predecessor-version":[{"id":1180,"href":"https:\/\/www.collectivememoryis.com\/index.php\/wp-json\/wp\/v2\/pages\/1073\/revisions\/1180"}],"up":[{"embeddable":true,"href":"https:\/\/www.collectivememoryis.com\/index.php\/wp-json\/wp\/v2\/pages\/695"}],"wp:featuredmedia":[{"embeddable":true,"href":"https:\/\/www.collectivememoryis.com\/index.php\/wp-json\/wp\/v2\/media\/337"}],"wp:attachment":[{"href":"https:\/\/www.collectivememoryis.com\/index.php\/wp-json\/wp\/v2\/media?parent=1073"}],"curies":[{"name":"wp","href":"https:\/\/api.w.org\/{rel}","templated":true}]}}